{"id":701,"date":"2023-07-12T21:00:08","date_gmt":"2023-07-12T19:00:08","guid":{"rendered":"https:\/\/cafe-theres.de\/?page_id=701"},"modified":"2026-01-26T09:50:15","modified_gmt":"2026-01-26T08:50:15","slug":"imprint","status":"publish","type":"page","link":"https:\/\/cafe-theres.de\/en\/imprint\/","title":{"rendered":"Imprint"},"content":{"rendered":"<p>[et_pb_section fb_built=&#8221;1&#8243; custom_padding_last_edited=&#8221;on|phone&#8221; _builder_version=&#8221;4.21.0&#8243; _module_preset=&#8221;default&#8221; background_color=&#8221;#DFB7B4&#8243; custom_padding=&#8221;160px||0px||false|true&#8221; custom_padding_tablet=&#8221;120px||0px||false|true&#8221; custom_padding_phone=&#8221;80px||||false|true&#8221; custom_css_after=&#8221;content: %22%22;||position: absolute;||border-top: 10px dotted #fff;||width: 100%;||bottom: -5px;||z-index: 5;&#8221; global_colors_info=&#8221;{}&#8221;][et_pb_row _builder_version=&#8221;4.21.0&#8243; _module_preset=&#8221;default&#8221; width=&#8221;100%&#8221; custom_padding=&#8221;|20px|10px|20px|false|true&#8221; global_colors_info=&#8221;{}&#8221;][et_pb_column type=&#8221;4_4&#8243; _builder_version=&#8221;4.21.0&#8243; _module_preset=&#8221;default&#8221; global_colors_info=&#8221;{}&#8221;][et_pb_text _builder_version=&#8221;4.21.0&#8243; _module_preset=&#8221;2c3d5141-0494-4853-a79c-a061b5dc6677&#8243; header_text_color=&#8221;#FFFFFF&#8221; header_2_font=&#8221;||||||||&#8221; header_2_text_align=&#8221;center&#8221; header_2_text_color=&#8221;#FFFFFF&#8221; header_2_font_size=&#8221;50px&#8221; header_2_font_size_tablet=&#8221;40px&#8221; header_2_font_size_phone=&#8221;32px&#8221; header_2_font_size_last_edited=&#8221;on|phone&#8221; global_colors_info=&#8221;{}&#8221;]<\/p>\n<h1 style=\"text-align: center;\">Imprint<\/h1>\n<p>[\/et_pb_text][\/et_pb_column][\/et_pb_row][\/et_pb_section][et_pb_section fb_built=&#8221;1&#8243; _builder_version=&#8221;4.21.0&#8243; _module_preset=&#8221;default&#8221; background_color=&#8221;#7AA7B2&#8243; custom_padding=&#8221;|20px||20px|false|true&#8221; global_colors_info=&#8221;{}&#8221;][et_pb_row _builder_version=&#8221;4.21.0&#8243; _module_preset=&#8221;default&#8221; width=&#8221;100%&#8221; global_colors_info=&#8221;{}&#8221;][et_pb_column type=&#8221;4_4&#8243; _builder_version=&#8221;4.21.0&#8243; _module_preset=&#8221;default&#8221; global_colors_info=&#8221;{}&#8221;][et_pb_text _builder_version=&#8221;4.21.0&#8243; _module_preset=&#8221;2c3d5141-0494-4853-a79c-a061b5dc6677&#8243; header_3_font=&#8221;Libre Baskerville|700|||||||&#8221; header_3_font_size=&#8221;25px&#8221; global_colors_info=&#8221;{}&#8221;]<\/p>\n<h2>Imprint<\/h2>\n<h3>Information according to \u00a7 5 DDG:<\/h3>\n<p><strong>Caf\u00e9 Theres\u00b4 Gbr<\/strong><br \/>Managing Director <span data-olk-copy-source=\"MessageBody\">Lena Eckart<\/span> und Katharina Wiemes<br \/>Lorzingstrasse 10<br \/>81241 M\u00fcnchen<\/p>\n<p><strong>Contact<\/strong><br \/>+49 (0) 89-189 083 208<br \/>info@cafe-theres.de<\/p>\n<p><strong>Responsible for the content:<\/strong><br \/>Caf\u00e9 Theres\u00b4 GbR<br \/>Lorzingstra\u00dfe 10<br \/>81241 M\u00fcnchen<\/p>\n<p><strong>Tax ID number: 143 \/ 581 \/ 70510<\/strong><\/p>\n<p><strong>Copyrights:<\/strong><\/p>\n<p>\u00a9 Copyright 2023, Caf\u00e9 Theres GbR, Lorzingstra\u00dfe 10, 81241 M\u00fcnchen<\/p>\n<p>All rights reserved. Texts, images, graphics, sound, animations and videos as well as their arrangement on websites of Cafe Theres GbR are protected by copyright and other protective laws. The content of these web pages may not be copied, distributed, changed or made accessible to third parties for commercial purposes. Some Cafe Theres GbR web pages also contain images that are subject to the copyright of third parties.<\/p>\n<p>The managing directors <span data-olk-copy-source=\"MessageBody\">Lena Eckart<\/span> and Katharina Wiemes constantly check and update the information on their websites. Despite all due care, data may have changed in the meantime. Therefore, no guarantee can be given for the topicality, correctness and completeness of the information provided. The same applies to all other websites to which reference is made by means of hyperlinks. <span data-olk-copy-source=\"MessageBody\">Lena Eckart<\/span> and Katharina Wiemes are not responsible for the content of websites that can be accessed via such links. Liability, in particular for any damage or consequences arising from the use of the offer, is excluded.<\/p>\n<p>Data protection declaration for the use of Facebook plugins (Like button)<br \/>Plugins of the social network Facebook, 1601 South California Avenue, Palo Alto, CA 94304, USA are integrated on this website. You can recognise the Facebook plugins by the Facebook logo or the &#8220;Like&#8221; button on my page. You can find an overview of the Facebook plugins here. When you visit my pages, a direct connection between your browser and the Facebook server is established via the plugin. Facebook thereby receives the information that you have visited my site with your IP address. If you click on the Facebook &#8220;Like&#8221; button while you are logged into your Facebook account, you can link the contents of my pages on your Facebook profile. This allows Facebook to associate the visit to my pages with your user account. We would like to point out that we, as the provider of the pages, have no knowledge of the content of the transmitted data or its use by Facebook. You can find more information on this in Facebook&#8217;s privacy policy at: http:\/\/de- de.facebook.com\/policy.php.<br \/>If you do not want Facebook to be able to associate your visit to my pages with your Facebook user account, please log out of your Facebook user account.<\/p>\n<p>[\/et_pb_text][\/et_pb_column][\/et_pb_row][\/et_pb_section]<\/p>\n","protected":false},"excerpt":{"rendered":"<p>ImprintImprint Information according to \u00a7 5 DDG: Caf\u00e9 Theres\u00b4 GbrManaging Director Lena Eckart und Katharina WiemesLorzingstrasse 1081241 M\u00fcnchen Contact+49 (0) 89-189 083 208info@cafe-theres.de Responsible for the content:Caf\u00e9 Theres\u00b4 GbRLorzingstra\u00dfe 1081241 M\u00fcnchen Tax ID number: 143 \/ 581 \/ 70510 Copyrights: \u00a9 Copyright 2023, Caf\u00e9 Theres GbR, Lorzingstra\u00dfe 10, 81241 M\u00fcnchen All rights reserved. Texts, images, [&hellip;]<\/p>\n","protected":false},"author":2,"featured_media":0,"parent":0,"menu_order":0,"comment_status":"closed","ping_status":"closed","template":"","meta":{"_et_pb_use_builder":"on","_et_pb_old_content":"[et_pb_section fb_built=\"1\" custom_padding_last_edited=\"on|phone\" _builder_version=\"4.21.0\" _module_preset=\"default\" background_color=\"#DFB7B4\" custom_padding=\"160px||0px||false|true\" custom_padding_tablet=\"120px||0px||false|true\" custom_padding_phone=\"80px||||false|true\" custom_css_after=\"content: %22%22;||position: absolute;||border-top: 10px dotted #fff;||width: 100%;||bottom: -5px;||z-index: 5;\" global_colors_info=\"{}\"][et_pb_row _builder_version=\"4.21.0\" _module_preset=\"default\" width=\"100%\" custom_padding=\"|20px|10px|20px|false|true\" global_colors_info=\"{}\"][et_pb_column type=\"4_4\" _builder_version=\"4.21.0\" _module_preset=\"default\" global_colors_info=\"{}\"][et_pb_text _builder_version=\"4.21.0\" _module_preset=\"2c3d5141-0494-4853-a79c-a061b5dc6677\" header_text_color=\"#FFFFFF\" header_2_font=\"||||||||\" header_2_text_align=\"center\" header_2_text_color=\"#FFFFFF\" header_2_font_size=\"50px\" header_2_font_size_tablet=\"40px\" header_2_font_size_phone=\"32px\" header_2_font_size_last_edited=\"on|phone\" global_colors_info=\"{}\"]\n<h1 style=\"text-align: center;\">Impressum<\/h1>\n[\/et_pb_text][\/et_pb_column][\/et_pb_row][\/et_pb_section][et_pb_section fb_built=\"1\" _builder_version=\"4.21.0\" _module_preset=\"default\" background_color=\"#7AA7B2\" custom_padding=\"|20px||20px|false|true\" global_colors_info=\"{}\"][et_pb_row _builder_version=\"4.21.0\" _module_preset=\"default\" width=\"100%\" global_colors_info=\"{}\"][et_pb_column type=\"4_4\" _builder_version=\"4.21.0\" _module_preset=\"default\" global_colors_info=\"{}\"][et_pb_text _builder_version=\"4.21.0\" _module_preset=\"2c3d5141-0494-4853-a79c-a061b5dc6677\" header_3_font=\"Libre Baskerville|700|||||||\" header_3_font_size=\"25px\" hover_enabled=\"0\" global_colors_info=\"{}\" sticky_enabled=\"0\"]\n<h2>Impressum<\/h2>\n<h3>Angaben gem\u00e4\u00df \u00a7 5 TMG:<\/h3>\n<strong>Caf\u00e9 Theres Gbr<\/strong>\nGesch\u00e4ftsf\u00fchrer Josef Sperl und Katharina Wiemes\nLorzingstrasse 10\n81241 M\u00fcnchen\n\n<strong>Kontakt<\/strong>\n+49 (0) 89-189 083 208\ninfo@cafe-theres.de\n\n<strong>Verantwortlich f\u00fcr den Inhalt:<\/strong>\nCafe Theres GbR\nLorzingstra\u00dfe 10\n81241 M\u00fcnchen\n\n<strong>Steuer-ID-Nummer: 143 \/ 581 \/ 70510<\/strong>\n\n<strong>Copyrights:<\/strong>\n\n\u00a9 Copyright 2023, Caf\u00e9 Theres GbR, Lorzingstra\u00dfe 10, 81241 M\u00fcnchen\n\nAlle Rechte vorbehalten. Texte, Bilder, Grafiken, Sound, Animationen und Videos sowie deren Anordnung auf Webseiten der Cafe Theres GbR unterliegen dem Schutz des Urheberrechts und anderer Schutzgesetze. Der Inhalt dieser Webseiten darf nicht zu kommerziellen Zwecken kopiert, verbreitet, ver\u00e4ndert oder Dritten zug\u00e4nglich gemacht werden. Einige Webseiten der Cafe Theres GbR enthalten au\u00dferdem Bilder, die dem Copyright Dritter unterliegen.\n\nDie Gesch\u00e4ftsf\u00fchrer Josef Sperl und Katharina Wiemes pr\u00fcfen und aktualisieren die Informationen auf Ihren Webseiten st\u00e4ndig. Trotz aller Sorgfalt k\u00f6nnen sich Daten inzwischen ver\u00e4ndert haben. Eine Gew\u00e4hr f\u00fcr die Aktualit\u00e4t, Richtigkeit und Vollst\u00e4ndigkeit der zu Verf\u00fcgung gestellten Informationen kann daher nicht \u00fcbernommen werden. Gleiches gilt auch f\u00fcr alle weiteren Webseiten, auf die mittels Hyperlinks verwiesen wird. Josef Sperl und Katharina Wiemes sind f\u00fcr den Inhalt der Webseiten, die aufgrund einer solchen Verbindung erreicht werden, nicht verantwortlich. Eine Haftung, insbesondere f\u00fcr eventuelle Sch\u00e4den oder Konsequenzen, die aus der Nutzung des Angebots entstehen, ist ausgeschlossen.\n\nDatenschutzerkl\u00e4rung f\u00fcr die Nutzung von Facebook-Plugins (Like-Button)\nAuf dieser Webseite sind Plugins des sozialen Netzwerks Facebook,1601 South California Avenue, Palo Alto, CA 94304, USA integriert. Die Facebook-Plugins erkennen Sie an dem Facebook-Logo oder dem \u201eLike- Button\u201c (\u201eGef\u00e4llt mir\u201c) auf meiner Seite. Eine \u00dcbersicht \u00fcber die Facebook-Plugins finden Sie hier. Wenn Sie meine Seiten besuchen, wird \u00fcber das Plugin eine direkte Verbindung zwischen Ihrem Browser und dem Facebook-Server hergestellt. Facebook erh\u00e4lt dadurch die Information, dass Sie mit Ihrer IP-Adresse meine Seite besucht haben. Wenn Sie den Facebook \u201eLike-Button\u201c anklicken w\u00e4hrend Sie in Ihrem Facebook- Account eingeloggt sind, k\u00f6nnen Sie die Inhalte meine Seiten auf Ihrem Facebook-Prol verlinken. Dadurch kann Facebook den Besuch meiner Seiten Ihrem Benutzerkonto zuordnen. Wir weisen darauf hin, dass wir als Anbieter der Seiten keine Kenntnis vom Inhalt der \u00fcbermittelten Daten sowie deren Nutzung durch Facebook erhalten. Weitere Informationen hierzu finden Sie in der Datenschutzerkl\u00e4rung von Facebook unter: http:\/\/de- de.facebook.com\/policy.php\nWenn Sie nicht w\u00fcnschen, dass Facebook den Besuch meiner Seiten Ihrem Facebook-Nutzerkonto zuordnen kann, loggen Sie sich bitte aus Ihrem Facebook-Benutzerkonto aus\n\n[\/et_pb_text][\/et_pb_column][\/et_pb_row][\/et_pb_section]","_et_gb_content_width":"","footnotes":""},"class_list":["post-701","page","type-page","status-publish","hentry"],"yoast_head":"<!-- This site is optimized with the Yoast SEO plugin v25.8 - https:\/\/yoast.com\/wordpress\/plugins\/seo\/ -->\n<title>Imprint - Cafetheres<\/title>\n<meta name=\"robots\" content=\"index, follow, max-snippet:-1, max-image-preview:large, max-video-preview:-1\" \/>\n<link rel=\"canonical\" href=\"https:\/\/cafe-theres.de\/en\/imprint\/\" \/>\n<meta property=\"og:locale\" content=\"en_US\" \/>\n<meta property=\"og:type\" content=\"article\" \/>\n<meta property=\"og:title\" content=\"Imprint - Cafetheres\" \/>\n<meta property=\"og:description\" content=\"ImprintImprint Information according to \u00a7 5 DDG: Caf\u00e9 Theres\u00b4 GbrManaging Director Lena Eckart und Katharina WiemesLorzingstrasse 1081241 M\u00fcnchen Contact+49 (0) 89-189 083 208info@cafe-theres.de Responsible for the content:Caf\u00e9 Theres\u00b4 GbRLorzingstra\u00dfe 1081241 M\u00fcnchen Tax ID number: 143 \/ 581 \/ 70510 Copyrights: \u00a9 Copyright 2023, Caf\u00e9 Theres GbR, Lorzingstra\u00dfe 10, 81241 M\u00fcnchen All rights reserved. Texts, images, [&hellip;]\" \/>\n<meta property=\"og:url\" content=\"https:\/\/cafe-theres.de\/en\/imprint\/\" \/>\n<meta property=\"og:site_name\" content=\"Cafetheres\" \/>\n<meta property=\"article:modified_time\" content=\"2026-01-26T08:50:15+00:00\" \/>\n<meta name=\"twitter:card\" content=\"summary_large_image\" \/>\n<meta name=\"twitter:label1\" content=\"Est. reading time\" \/>\n\t<meta name=\"twitter:data1\" content=\"3 minutes\" \/>\n<script type=\"application\/ld+json\" class=\"yoast-schema-graph\">{\"@context\":\"https:\/\/schema.org\",\"@graph\":[{\"@type\":\"WebPage\",\"@id\":\"https:\/\/cafe-theres.de\/en\/imprint\/\",\"url\":\"https:\/\/cafe-theres.de\/en\/imprint\/\",\"name\":\"Imprint - Cafetheres\",\"isPartOf\":{\"@id\":\"https:\/\/cafe-theres.de\/#website\"},\"datePublished\":\"2023-07-12T19:00:08+00:00\",\"dateModified\":\"2026-01-26T08:50:15+00:00\",\"breadcrumb\":{\"@id\":\"https:\/\/cafe-theres.de\/en\/imprint\/#breadcrumb\"},\"inLanguage\":\"en-US\",\"potentialAction\":[{\"@type\":\"ReadAction\",\"target\":[\"https:\/\/cafe-theres.de\/en\/imprint\/\"]}]},{\"@type\":\"BreadcrumbList\",\"@id\":\"https:\/\/cafe-theres.de\/en\/imprint\/#breadcrumb\",\"itemListElement\":[{\"@type\":\"ListItem\",\"position\":1,\"name\":\"Home\",\"item\":\"https:\/\/cafe-theres.de\/en\/\"},{\"@type\":\"ListItem\",\"position\":2,\"name\":\"Imprint\"}]},{\"@type\":\"WebSite\",\"@id\":\"https:\/\/cafe-theres.de\/#website\",\"url\":\"https:\/\/cafe-theres.de\/\",\"name\":\"C\u00e1fe Theres\u00b4\",\"description\":\"\",\"publisher\":{\"@id\":\"https:\/\/cafe-theres.de\/#organization\"},\"potentialAction\":[{\"@type\":\"SearchAction\",\"target\":{\"@type\":\"EntryPoint\",\"urlTemplate\":\"https:\/\/cafe-theres.de\/?s={search_term_string}\"},\"query-input\":{\"@type\":\"PropertyValueSpecification\",\"valueRequired\":true,\"valueName\":\"search_term_string\"}}],\"inLanguage\":\"en-US\"},{\"@type\":\"Organization\",\"@id\":\"https:\/\/cafe-theres.de\/#organization\",\"name\":\"C\u00e1fe Theres\u00b4\",\"url\":\"https:\/\/cafe-theres.de\/\",\"logo\":{\"@type\":\"ImageObject\",\"inLanguage\":\"en-US\",\"@id\":\"https:\/\/cafe-theres.de\/#\/schema\/logo\/image\/\",\"url\":\"https:\/\/cafe-theres.de\/wp-content\/uploads\/2023\/07\/cropped-favi-1.png\",\"contentUrl\":\"https:\/\/cafe-theres.de\/wp-content\/uploads\/2023\/07\/cropped-favi-1.png\",\"width\":512,\"height\":512,\"caption\":\"C\u00e1fe Theres\u00b4\"},\"image\":{\"@id\":\"https:\/\/cafe-theres.de\/#\/schema\/logo\/image\/\"}}]}<\/script>\n<!-- \/ Yoast SEO plugin. -->","yoast_head_json":{"title":"Imprint - Cafetheres","robots":{"index":"index","follow":"follow","max-snippet":"max-snippet:-1","max-image-preview":"max-image-preview:large","max-video-preview":"max-video-preview:-1"},"canonical":"https:\/\/cafe-theres.de\/en\/imprint\/","og_locale":"en_US","og_type":"article","og_title":"Imprint - Cafetheres","og_description":"ImprintImprint Information according to \u00a7 5 DDG: Caf\u00e9 Theres\u00b4 GbrManaging Director Lena Eckart und Katharina WiemesLorzingstrasse 1081241 M\u00fcnchen Contact+49 (0) 89-189 083 208info@cafe-theres.de Responsible for the content:Caf\u00e9 Theres\u00b4 GbRLorzingstra\u00dfe 1081241 M\u00fcnchen Tax ID number: 143 \/ 581 \/ 70510 Copyrights: \u00a9 Copyright 2023, Caf\u00e9 Theres GbR, Lorzingstra\u00dfe 10, 81241 M\u00fcnchen All rights reserved. Texts, images, [&hellip;]","og_url":"https:\/\/cafe-theres.de\/en\/imprint\/","og_site_name":"Cafetheres","article_modified_time":"2026-01-26T08:50:15+00:00","twitter_card":"summary_large_image","twitter_misc":{"Est. reading time":"3 minutes"},"schema":{"@context":"https:\/\/schema.org","@graph":[{"@type":"WebPage","@id":"https:\/\/cafe-theres.de\/en\/imprint\/","url":"https:\/\/cafe-theres.de\/en\/imprint\/","name":"Imprint - Cafetheres","isPartOf":{"@id":"https:\/\/cafe-theres.de\/#website"},"datePublished":"2023-07-12T19:00:08+00:00","dateModified":"2026-01-26T08:50:15+00:00","breadcrumb":{"@id":"https:\/\/cafe-theres.de\/en\/imprint\/#breadcrumb"},"inLanguage":"en-US","potentialAction":[{"@type":"ReadAction","target":["https:\/\/cafe-theres.de\/en\/imprint\/"]}]},{"@type":"BreadcrumbList","@id":"https:\/\/cafe-theres.de\/en\/imprint\/#breadcrumb","itemListElement":[{"@type":"ListItem","position":1,"name":"Home","item":"https:\/\/cafe-theres.de\/en\/"},{"@type":"ListItem","position":2,"name":"Imprint"}]},{"@type":"WebSite","@id":"https:\/\/cafe-theres.de\/#website","url":"https:\/\/cafe-theres.de\/","name":"C\u00e1fe Theres\u00b4","description":"","publisher":{"@id":"https:\/\/cafe-theres.de\/#organization"},"potentialAction":[{"@type":"SearchAction","target":{"@type":"EntryPoint","urlTemplate":"https:\/\/cafe-theres.de\/?s={search_term_string}"},"query-input":{"@type":"PropertyValueSpecification","valueRequired":true,"valueName":"search_term_string"}}],"inLanguage":"en-US"},{"@type":"Organization","@id":"https:\/\/cafe-theres.de\/#organization","name":"C\u00e1fe Theres\u00b4","url":"https:\/\/cafe-theres.de\/","logo":{"@type":"ImageObject","inLanguage":"en-US","@id":"https:\/\/cafe-theres.de\/#\/schema\/logo\/image\/","url":"https:\/\/cafe-theres.de\/wp-content\/uploads\/2023\/07\/cropped-favi-1.png","contentUrl":"https:\/\/cafe-theres.de\/wp-content\/uploads\/2023\/07\/cropped-favi-1.png","width":512,"height":512,"caption":"C\u00e1fe Theres\u00b4"},"image":{"@id":"https:\/\/cafe-theres.de\/#\/schema\/logo\/image\/"}}]}},"_links":{"self":[{"href":"https:\/\/cafe-theres.de\/en\/wp-json\/wp\/v2\/pages\/701","targetHints":{"allow":["GET"]}}],"collection":[{"href":"https:\/\/cafe-theres.de\/en\/wp-json\/wp\/v2\/pages"}],"about":[{"href":"https:\/\/cafe-theres.de\/en\/wp-json\/wp\/v2\/types\/page"}],"author":[{"embeddable":true,"href":"https:\/\/cafe-theres.de\/en\/wp-json\/wp\/v2\/users\/2"}],"replies":[{"embeddable":true,"href":"https:\/\/cafe-theres.de\/en\/wp-json\/wp\/v2\/comments?post=701"}],"version-history":[{"count":9,"href":"https:\/\/cafe-theres.de\/en\/wp-json\/wp\/v2\/pages\/701\/revisions"}],"predecessor-version":[{"id":1502,"href":"https:\/\/cafe-theres.de\/en\/wp-json\/wp\/v2\/pages\/701\/revisions\/1502"}],"wp:attachment":[{"href":"https:\/\/cafe-theres.de\/en\/wp-json\/wp\/v2\/media?parent=701"}],"curies":[{"name":"wp","href":"https:\/\/api.w.org\/{rel}","templated":true}]}}